{"id":2651209,"date":"2026-05-28T12:04:55","date_gmt":"2026-05-28T12:04:55","guid":{"rendered":"https:\/\/www.cocoinmobiliaria.com\/inmueble\/venta\/terreno-urbano\/illes-balears\/arta\/p-375\/"},"modified":"2026-05-28T12:04:55","modified_gmt":"2026-05-28T12:04:55","slug":"baugrundstuck-in-arta-p-375","status":"publish","type":"property","link":"https:\/\/www.cocoinmobiliaria.com\/de\/inmueble\/venta\/terreno-urbano\/illes-balears\/arta\/p-375\/","title":{"rendered":"Baugrundst\u00fcck in Art\u00e0 &#8211; p-375"},"content":{"rendered":"<p>COCO IMMOBILIENANGEBOT<\/p>\n<p>Stadtgrundst\u00fcck in der charmanten Stadt Art\u00e0 zu verkaufen. Errichtung eines exklusiven, modernen Einfamilienhauses mit Swimmingpool m\u00f6glich.<\/p>\n<p>Das Grundst\u00fcck ist ca. 279 m\u00b2 gro\u00df und beinhaltet eine Vorstudie f\u00fcr ein spektakul\u00e4res Haus mit ca. 238 m\u00b2 Wohnfl\u00e4che auf zwei bzw. drei Etagen. Es verf\u00fcgt \u00fcber drei Schlafzimmer mit Bad en suite, einen gro\u00dfz\u00fcgigen, offenen Wohn-, Ess- und K\u00fcchenbereich, eine private Garage, Terrassen, einen Garten und einen Swimmingpool.<\/p>\n<p>Der Entwurf sieht ein helles, modernes Haus vor, das sich harmonisch in den mediterranen Stil der Gegend einf\u00fcgt und die Verbindung von Innen- und Au\u00dfenbereich, Gro\u00dfz\u00fcgigkeit und Privatsph\u00e4re in den Vordergrund stellt.<\/p>\n<p>Das Grundst\u00fcck befindet sich in bester Lage im Zentrum von Art\u00e0, nur wenige Minuten von einigen der sch\u00f6nsten Buchten im Nordosten Mallorcas entfernt und ist umgeben von Natur, Einkaufsm\u00f6glichkeiten und hervorragender Verkehrsanbindung.<\/p>\n<p>Eine gro\u00dfartige Gelegenheit, ein exklusives Zuhause in einer der charmantesten St\u00e4dte Mallorcas zu errichten.<\/p>\n<p>Der Preis gilt nur f\u00fcr das Grundst\u00fcck. Das dargestellte Basisprojekt dient lediglich zu Orientierungszwecken.<\/p>\n","protected":false},"excerpt":{"rendered":"<p>COCO IMMOBILIENANGEBOT~~Stadtgrundst\u00fcck in der charmanten Stadt Art\u00e0 zu verkaufen. Errichtung eines exklusiven, modernen Einfamilienhauses mit Swimmingpool m\u00f6glich.~~Das Grundst\u00fcck ist ca. 279 m\u00b2 gro\u00df und beinhaltet eine Vorstudie f\u00fcr ein spektakul\u00e4res Haus mit ca. 238 m\u00b2 Wohnfl\u00e4che auf zwei bzw. drei Etagen. Es verf\u00fcgt \u00fcber <\/p>\n","protected":false},"author":3,"featured_media":2651210,"parent":0,"menu_order":0,"template":"","property_type":[855],"property_status":[856],"property_feature":[862],"property_label":[],"property_country":[],"property_state":[418],"property_city":[814],"property_area":[815],"class_list":["post-2651209","property","type-property","status-publish","has-post-thumbnail","hentry","property_status-verkauf","property_feature-garten","property_state-illes-balears","property_city-arta","property_area-arta"],"property_meta":{"fave_agent":["43378"],"fave_agents":["43378"],"fave_agent_display_option":["agent_info"],"property_agent":["43378"],"custom_permalink":["inmueble\/venta\/terreno-urbano\/illes-balears\/arta\/p-375\/"],"_thumbnail_id":["2651210"],"post_id":["Array"],"original_author":["3"],"_edit_lock":["1604137107:1"],"_edit_last":["1"],"fave_property_map_street_view":["show"],"fave_payment_status":["not_paid"],"fave_single_top_area":["global"],"fave_single_content_area":["global"],"houzez_manual_expire":["0"],"fave_property_size_prefix":["m&sup2;"],"fave_property_map":["1"],"fave_additional_features_enable":["disable"],"fave_floor_plans_enable":["disable"],"fave_multiunit_plans_enable":["disable"],"fave_prop_homeslider":["yes"],"fave_featured":["1"],"fave_property_address":["Art\u00e0,Illes Balears"],"fave_property_zip":["07570"],"houzez_geolocation_lat":["39.692147038"],"houzez_geolocation_long":["3.349072093"],"fave_property_location":["39.692147038,3.349072093"],"fave_property_country":["ES"],"fave_property_map_address":["Art\u00e0,Illes Balears,Spain"],"fave_comunidadimporte":["0"],"fave_comunidadincluida":["0"],"fave_conservacion":["Ninguno"],"fave_orientacion":[""],"fave_carpinteriainterior":[""],"fave_carpinteriaexterior":[""],"fave_tiposuelo":[""],"fave_vistas":[""],"additional_features":["a:5:{i:0;a:2:{s:29:\"fave_additional_feature_title\";s:12:\"Carpinter\u00eda\";s:29:\"fave_additional_feature_value\";s:0:\"\";}i:1;a:2:{s:29:\"fave_additional_feature_title\";s:21:\"Carpinter\u00eda exterior\";s:29:\"fave_additional_feature_value\";s:0:\"\";}i:2;a:2:{s:29:\"fave_additional_feature_title\";s:6:\"Estado\";s:29:\"fave_additional_feature_value\";s:7:\"Ninguno\";}i:3;a:2:{s:29:\"fave_additional_feature_title\";s:6:\"Vistas\";s:29:\"fave_additional_feature_value\";s:0:\"\";}i:4;a:2:{s:29:\"fave_additional_feature_title\";s:11:\"Orientacion\";s:29:\"fave_additional_feature_value\";s:0:\"\";}}"],"fave_planta":["Planta baja"],"referencia":["p-375"],"fave_property_id":["p-375"],"fave_property_bedrooms":["0"],"fave_property_bathrooms":["0"],"fave_property_garage":[""],"fave_property_land":["280"],"ave_property_land_postfix":["m&sup2;"],"fave_property_size":["0"],"fave_property_year":["0"],"fave_energy_global_index":["0 kWh\/m&sup2; \/0 Kg CO2\/m&sup2;"],"fave_energy_class":["N"],"estate_attr_energy_class":["Tramitando..."],"REAL_HOMES_property_emisiones":["0"],"REAL_HOMES_property_consumo":["0"],"REAL_HOMES_property_letra":["N"],"estate_video":[""],"fave_virtual_tour":[""],"vendidoInmueble":[""],"fave_property_price":["345000"],"fave_property_price_postfix":[""],"fave_property_images":["2651210","2651211","2651212","2651213","2651214","2651215"],"houzez_total_property_views":["2"],"houzez_views_by_date":["a:1:{s:10:\"09-05-2026\";i:2;}"],"houzez_recently_viewed":["2026-09-05 07:10:27"],"_elementor_page_assets":["a:0:{}"]},"_links":{"self":[{"href":"https:\/\/www.cocoinmobiliaria.com\/de\/wp-json\/wp\/v2\/properties\/2651209","targetHints":{"allow":["GET"]}}],"collection":[{"href":"https:\/\/www.cocoinmobiliaria.com\/de\/wp-json\/wp\/v2\/properties"}],"about":[{"href":"https:\/\/www.cocoinmobiliaria.com\/de\/wp-json\/wp\/v2\/types\/property"}],"author":[{"embeddable":true,"href":"https:\/\/www.cocoinmobiliaria.com\/de\/wp-json\/wp\/v2\/users\/3"}],"version-history":[{"count":0,"href":"https:\/\/www.cocoinmobiliaria.com\/de\/wp-json\/wp\/v2\/properties\/2651209\/revisions"}],"wp:featuredmedia":[{"embeddable":true,"href":"https:\/\/www.cocoinmobiliaria.com\/de\/wp-json\/wp\/v2\/media\/2651210"}],"wp:attachment":[{"href":"https:\/\/www.cocoinmobiliaria.com\/de\/wp-json\/wp\/v2\/media?parent=2651209"}],"wp:term":[{"taxonomy":"property_type","embeddable":true,"href":"https:\/\/www.cocoinmobiliaria.com\/de\/wp-json\/wp\/v2\/property_type?post=2651209"},{"taxonomy":"property_status","embeddable":true,"href":"https:\/\/www.cocoinmobiliaria.com\/de\/wp-json\/wp\/v2\/property_status?post=2651209"},{"taxonomy":"property_feature","embeddable":true,"href":"https:\/\/www.cocoinmobiliaria.com\/de\/wp-json\/wp\/v2\/property_feature?post=2651209"},{"taxonomy":"property_label","embeddable":true,"href":"https:\/\/www.cocoinmobiliaria.com\/de\/wp-json\/wp\/v2\/property_label?post=2651209"},{"taxonomy":"property_country","embeddable":true,"href":"https:\/\/www.cocoinmobiliaria.com\/de\/wp-json\/wp\/v2\/property_country?post=2651209"},{"taxonomy":"property_state","embeddable":true,"href":"https:\/\/www.cocoinmobiliaria.com\/de\/wp-json\/wp\/v2\/property_state?post=2651209"},{"taxonomy":"property_city","embeddable":true,"href":"https:\/\/www.cocoinmobiliaria.com\/de\/wp-json\/wp\/v2\/property_city?post=2651209"},{"taxonomy":"property_area","embeddable":true,"href":"https:\/\/www.cocoinmobiliaria.com\/de\/wp-json\/wp\/v2\/property_area?post=2651209"}],"curies":[{"name":"wp","href":"https:\/\/api.w.org\/{rel}","templated":true}]}}